{"id":15,"date":"2021-09-13T11:46:58","date_gmt":"2021-09-13T09:46:58","guid":{"rendered":"http:\/\/catherine-bec-psychologue.fr\/?page_id=15"},"modified":"2024-11-12T18:41:49","modified_gmt":"2024-11-12T17:41:49","slug":"a-propos-de","status":"publish","type":"page","link":"https:\/\/c-bec.fr\/?page_id=15","title":{"rendered":"\u00c0 propos"},"content":{"rendered":"\n<p><\/p>\n\n\n\n<p>Psychologue depuis 16 ans, mon exp\u00e9rience professionnelle est vari\u00e9e.<br>Je travaille en cabinet lib\u00e9ral \u00e0 l&rsquo;Espace Sant\u00e9 Chamier, 28 Avenue Chamier, \u00e0 Montauban. <br>Mon exp\u00e9rience institutionnelle est vari\u00e9e (champ m\u00e9dico-social, social, protection de l&rsquo;enfance, \u00e9ducation). J&rsquo;ai d\u00e9cid\u00e9 de consacrer mon temps \u00e0 mon activit\u00e9 lib\u00e9rale pour \u00eatre davantage disponible pour les accompagnements th\u00e9rapeutiques. <br>J\u2019aspire \u00e9galement \u00e0 accompagner, comme je l\u2019ai d\u00e9j\u00e0 fait par le pass\u00e9, des \u00e9quipes professionnelles dans l\u2019Analyse de leurs Pratiques, afin d\u2019explorer les processus en jeu dans leur travail.<\/p>\n\n\n\n<p>Le sens de mon travail est d\u2019identifier avec vous les besoins qui sont masqu\u00e9s derri\u00e8re des pens\u00e9es\/\u00e9motions\/comportements probl\u00e9matiques ou perturbateurs. <br>Ces derniers sont bien souvent associ\u00e9s \u00e0 des strat\u00e9gies qui se sont av\u00e9r\u00e9es adapt\u00e9es \u00e0 une \u00e9poque ant\u00e9rieure, dans un contexte sp\u00e9cifique, et qui subsistent alors qu&rsquo;elles ne sont plus judicieuses aujourd&rsquo;hui. <br>Mieux identifier les besoins sous-jacents et la fa\u00e7on dont ils s&rsquo;expriment, est une premi\u00e8re \u00e9tape pour y r\u00e9pondre et trouver d&rsquo;autres modalit\u00e9s de fonctionnement plus adapt\u00e9es, moins sources de souffrance. <\/p>\n\n\n\n<p>Le champ du<strong> psychotrauma<\/strong> est aussi une large part de mon activit\u00e9, avec ma formation en <strong>EMDR<\/strong>. Nous abordons ensemble l&rsquo;\u00e9v\u00e9nement ou les \u00e9v\u00e9nements traumatiques qui vous ont marqu\u00e9, nous explorons en quoi il\/ils impactent votre quotidien, votre relation \u00e0 vous-m\u00eame ou aux autres. <br>L&rsquo;EMDR apporte une grille de lecture sur la fa\u00e7on dont le cerveau analyse les \u00e9v\u00e9nements (mod\u00e8le PTAI) et le retraitement donne l&rsquo;occasion d&rsquo;int\u00e9grer l&rsquo;\u00e9v\u00e8nement traumatique \u00e0 ses souvenirs, sans conclusion n\u00e9gative sur soi ou le monde. <\/p>\n\n\n\n<p><strong>Mon parcours<\/strong><\/p>\n\n\n\n<p>Form\u00e9e \u00e0 l\u2019Universit\u00e9 Lumi\u00e8re Lyon 2, avec un an d&rsquo;\u00e9change au Qu\u00e9bec (Universit\u00e9 de Montr\u00e9al), puis dipl\u00f4m\u00e9e de l\u2019Universit\u00e9 d\u2019Aix-Marseille (Master 2 en 2008), j\u2019ai \u00e9tudi\u00e9 le fonctionnement psychique de l\u2019enfant, l\u2019adolescent et l\u2019adulte.<\/p>\n\n\n\n<p>Mon approche est int\u00e9grative, et se nourrit de diff\u00e9rentes courants th\u00e9oriques pour lesquels j\u2019ai suivi des formations compl\u00e9mentaires : la psychanalyse, la Syst\u00e9mie, l\u2019Analyse Transactionnelle, l\u2019approche ethnoclinique et plus r\u00e9cemment la th\u00e9rapie EMDR (formation Niveau 1 en cours); j&rsquo;ai \u00e9galement entam\u00e9  une formation au DNMS.<\/p>\n\n\n\n<p>Mon parcours m\u2019a aussi permis de m\u2019int\u00e9resser au corps et aux \u00e9motions, et en particulier \u00e0 ce que leur \u00e9coute peut nous apporter comme compr\u00e9hension de nous-m\u00eame et nos besoins, et par cons\u00e9quent, comme apaisement. C\u2019est l\u2019un des prochains axes que je souhaite explorer pour me former.<\/p>\n\n\n\n<p>Je suis engag\u00e9e dans une supervision individuelle depuis le d\u00e9but de ma pratique. Cela me para\u00eet indispensable pour maintenir la qualit\u00e9 de mon activit\u00e9 de psychologue clinicienne et psychoth\u00e9rapeute. Je poursuis aussi une psychoth\u00e9rapie individuelle, essentielle pour identifier et traiter ce qui m&rsquo;appartient et le diff\u00e9rencier de mon travail.<\/p>\n\n\n\n<p><\/p>\n","protected":false},"excerpt":{"rendered":"<p>Psychologue depuis 16 ans, mon exp\u00e9rience professionnelle est vari\u00e9e.Je travaille en cabinet lib\u00e9ral \u00e0 l&rsquo;Espace Sant\u00e9 Chamier, 28 Avenue Chamier, \u00e0 Montauban. Mon exp\u00e9rience institutionnelle est vari\u00e9e (champ m\u00e9dico-social, social, protection de l&rsquo;enfance, \u00e9ducation). J&rsquo;ai d\u00e9cid\u00e9 de consacrer mon temps \u00e0 mon activit\u00e9 lib\u00e9rale pour \u00eatre davantage disponible pour les accompagnements th\u00e9rapeutiques. J\u2019aspire \u00e9galement \u00e0 &hellip; <\/p>\n<p class=\"link-more\"><a href=\"https:\/\/c-bec.fr\/?page_id=15\" class=\"more-link\">Continuer la lecture<span class=\"screen-reader-text\"> de &laquo;&nbsp;\u00c0 propos&nbsp;&raquo;<\/span><\/a><\/p>\n","protected":false},"author":1,"featured_media":20,"parent":0,"menu_order":0,"comment_status":"closed","ping_status":"closed","template":"","meta":{"footnotes":""},"class_list":["post-15","page","type-page","status-publish","has-post-thumbnail","hentry"],"_links":{"self":[{"href":"https:\/\/c-bec.fr\/index.php?rest_route=\/wp\/v2\/pages\/15"}],"collection":[{"href":"https:\/\/c-bec.fr\/index.php?rest_route=\/wp\/v2\/pages"}],"about":[{"href":"https:\/\/c-bec.fr\/index.php?rest_route=\/wp\/v2\/types\/page"}],"author":[{"embeddable":true,"href":"https:\/\/c-bec.fr\/index.php?rest_route=\/wp\/v2\/users\/1"}],"replies":[{"embeddable":true,"href":"https:\/\/c-bec.fr\/index.php?rest_route=%2Fwp%2Fv2%2Fcomments&post=15"}],"version-history":[{"count":16,"href":"https:\/\/c-bec.fr\/index.php?rest_route=\/wp\/v2\/pages\/15\/revisions"}],"predecessor-version":[{"id":186,"href":"https:\/\/c-bec.fr\/index.php?rest_route=\/wp\/v2\/pages\/15\/revisions\/186"}],"wp:featuredmedia":[{"embeddable":true,"href":"https:\/\/c-bec.fr\/index.php?rest_route=\/wp\/v2\/media\/20"}],"wp:attachment":[{"href":"https:\/\/c-bec.fr\/index.php?rest_route=%2Fwp%2Fv2%2Fmedia&parent=15"}],"curies":[{"name":"wp","href":"https:\/\/api.w.org\/{rel}","templated":true}]}}